{"id":15465,"date":"2024-08-10T21:39:26","date_gmt":"2024-08-10T21:39:26","guid":{"rendered":"https:\/\/live.jobfarm.it\/?page_id=15465"},"modified":"2024-09-22T21:09:42","modified_gmt":"2024-09-22T21:09:42","slug":"privacy-policy-candidati","status":"publish","type":"page","link":"https:\/\/www.jobfarm.it\/index.php\/privacy-policy-candidati\/","title":{"rendered":"Privacy Policy Candidati"},"content":{"rendered":"\r\n<div class=\"elementor-element elementor-element-50078c3e elementor-widget elementor-widget-heading\" data-id=\"50078c3e\" data-element_type=\"widget\" data-widget_type=\"heading.default\">\r\n<div class=\"elementor-widget-container\">\r\n<h1 class=\"elementor-heading-title elementor-size-default wp-block-heading\">Informativa sulla Privacy<\/h1>\r\n<\/div>\r\n<\/div>\r\n<div class=\"elementor-element elementor-element-fb6ae06 elementor-widget elementor-widget-heading\" data-id=\"fb6ae06\" data-element_type=\"widget\" data-widget_type=\"heading.default\">\r\n<div class=\"elementor-widget-container\">\r\n<h2 class=\"elementor-heading-title elementor-size-default\">per i Candidati<\/h2>\r\n<p>&nbsp;<\/p>\r\n<\/div>\r\n<\/div>\r\n<p class=\"p1\"><span class=\"s1\"><b>Informativa ex art. 13 del Regolamento europeo n. 16\/679<\/b><\/span><\/p>\r\n<p>Le Societ\u00e0 ACTL e Recruit Srl (di seguito le Societ\u00e0), in qualit\u00e0 di Contitolari del trattamento dei dati personali, con sede in Via Duccio Di Boninsegna, 21 Milano, e Via Alvise Cadamosto 7, Milano, tramite i siti\u00a0<a href=\"http:\/\/www.actl.it\/\" target=\"_blank\" rel=\"noopener\">www.actl.it<\/a>,\u00a0<a href=\"https:\/\/www.sportellostage.it\/\" target=\"_blank\" rel=\"noopener\">www.sportellostage.it<\/a>,\u00a0<a href=\"http:\/\/www.recru.it\/\" target=\"_blank\" rel=\"noopener\">www.recru.it<\/a>\u00a0e\u00a0<a href=\"https:\/\/www.jobfarm.it\/\">www.jobfarm.it<\/a>, hanno come obiettivo la tutela della privacy dei propri utenti e si impegnano affinch\u00e9 il trattamento dei dati personali si svolga secondo principi di correttezza, liceit\u00e0, trasparenza e nel rispetto dei diritti, delle libert\u00e0 fondamentali nonch\u00e9 della dignit\u00e0 delle persone, con particolare riferimento alla riservatezza e all\u2019identit\u00e0 personale.<\/p>\r\n<p>Nel prestare i nostri servizi, entriamo necessariamente in possesso di informazioni e dati personali: intendiamo, perci\u00f2, qui di seguito, illustrare un\u2019adeguata informativa ai sensi dell\u2019art. 13 GDPR 679\/16 \u2013 \u201cRegolamento europeo sulla protezione dei dati personali\u201d.<\/p>\r\n<p>Si precisa, sin da subito, che, in ogni momento, potr\u00e0 essere richiesta la modifica o la cancellazione dei dati inseriti scrivendo alla e-mail\u00a0<a>info@sportellostage.it<\/a>\u00a0e\u00a0<a>info@recru.it<\/a><u> e pi\u00f9 in generale l\u2019esercizio dei diritti previsti dal <\/u>GDPR 679\/16 a cui, se possibile sar\u00e0 dato corso, come meglio dettagliato al punto 9.<\/p>\r\n<p>_<\/p>\r\n<ol>\r\n<li><strong>Che dati trattiamo <\/strong>I dati personali trattati variano a seconda del servizio richiesto dall\u2019interessato. Tali dati sono: dati anagrafici, dati presenti nel CV e nella eventuale videopresentazione, risultati delle attivit\u00e0 formative ed altri dati che l\u2019interessato rende disponibili (eventuali anche dati particolari). Si invitano pertanto gli interessati a rendere disponibili (ad esempio nel CV) i soli dati di interesse per la valutazione della candidatura. I dati di contatto sono forniti o ricevuti dall\u2019interessato in occasione di:<\/li>\r\n<\/ol>\r\n<ul>\r\n<li>Iscrizione al portale Job Farm Go all\u2019interno dei siti sopra citati;<\/li>\r\n<li>Candidatura, iscrizione a selezione per offerte di lavoro\/tirocinio (che possono prevedere anche un video del\/della candidato\/a);<\/li>\r\n<li>Candidatura, iscrizione, eventuale selezione a corsi anche finanziati;<\/li>\r\n<li>Richieste da parte dell\u2019interessato.<\/li>\r\n<li>Contatti diretti ottenuti a seguito della partecipazione ad eventi, ecc.;<\/li>\r\n<li>Contatti diretti a seguito dell\u2019invio di richieste tramite l\u2019indirizzo di posta elettronica presente sui siti internet;<\/li>\r\n<li>Risposta, da parte dell\u2019interessato, alle inserzioni pubblicate sui portali job board utilizzati dai Titolari;<\/li>\r\n<li>Risposta a richieste pervenute tramite telefonate o email;<\/li>\r\n<li>Richieste di informazioni commerciali;<\/li>\r\n<li>Richieste tramite i siti internet sopra citati o tramite il sito internet di fornitori, clienti, partner, altri soggetti;<\/li>\r\n<li>Trasmissioni e transazioni successive all\u2019ordine di fornitura del servizio o del bene (fornito\/acquistato);<\/li>\r\n<li>Inviti ad eventi relativi ad iniziative commerciali, fiere, eventi, ecc.<\/li>\r\n<\/ul>\r\n<p>_<\/p>\r\n<ol start=\"2\">\r\n<li><strong>Per quali finalit\u00e0: <\/strong>Le Societ\u00e0, tramite i siti <a href=\"http:\/\/www.actl.it\/\" target=\"_blank\" rel=\"noopener\">www.actl.it<\/a>, <a href=\"https:\/\/www.sportellostage.it\/\" target=\"_blank\" rel=\"noopener\">www.sportellostage.it<\/a>, <a href=\"http:\/\/www.recru.it\/\" target=\"_blank\" rel=\"noopener\">www.recru.it<\/a> e <a href=\"http:\/\/www.jobfarm.it\/\">www.jobfarm.it<\/a>raccolgono informazioni e dati personali in fase di registrazione ai siti e in caso di successiva modifica degli stessi (quali, in relazione alla finalit\u00e0 del trattamento, nome, cognome, indirizzo e-mail, numero di telefono, indirizzo di residenza\/domicilio, Codice Fiscale, qualifica professionale, altri dati desumibili dal CV), per le seguenti finalit\u00e0:<\/li>\r\n<\/ol>\r\n<ul>\r\n<li><strong>1.<\/strong>Raccolta e diffusione dei curricula ed eventuale video di presentazione del candidato, per l\u2019incontro della domanda e dell\u2019offerta di stage\/lavoro;<\/li>\r\n<li><strong>2.<\/strong>Informazione, eventuale selezione ed iscrizione ai corsi di formazione;<\/li>\r\n<li><strong>3.<\/strong>Effettuare statistiche e ricerche di mercato al fine di comprendere meglio le esigenze degli utenti e per poter ottimizzare il servizio offerto. In tal caso i dati saranno utilizzati in forma anonima.<\/li>\r\n<li><strong>4.<\/strong>Invio di materiale informativo sul tema lavoro e formazione e sui servizi erogati da ACTL e Recruit e sottoscrizione a servizi specifici (in via esemplificativa e non esaustiva newsletter)<\/li>\r\n<li><strong>5. <\/strong>Gestione dell\u2019eventuale contenzioso e tutela dei diritti di ACTL e\/o Recruit;<\/li>\r\n<\/ul>\r\n<p>la registrazione ai servizi presuppone in ogni caso la presa visione ed accettazione dei termini di utilizzo e dell\u2019informativa sulla privacy delle Societ\u00e0.<br \/>L\u2019interessato pu\u00f2 rifiutarsi di conferire alle Societ\u00e0 i suoi dati personali per le finalit\u00e0 1, 2, 3 e 5. Un eventuale rifiuto al conferimento, e conseguentemente la mancata registrazione, comporta l\u2019impossibilit\u00e0, in tutto o in parte, di erogare i servizi.<br \/>Il mancato consenso per la finalit\u00e0 4 non esclude l\u2019erogazione del servizio.<\/p>\r\n<p>_<\/p>\r\n<ol start=\"3\">\r\n<li><strong>Base giuridica e soggetti destinatari: <\/strong>I dati saranno comunicati, come meglio dettagliato al punto 6, ai dipendenti\/collaboratori delle Societ\u00e0, ai loro fornitori ai cliente, delle aziende ospitanti lo stage e di quelle che offrono opportunit\u00e0 di lavoro\/stage, del partner, di altri soggetti che dovranno contattare gli interessati per permettere, ai sensi dell\u2019art. 6.1, lett. b), c) (trattamento ai fini dell\u2019esecuzione di un contratto o misure precontrattuali o per adempiere a un obbligo legale) del GDPR:<\/li>\r\n<\/ol>\r\n<ul>\r\n<li>L\u2019erogazione dei servizi;<\/li>\r\n<li>L\u2019esecuzione del contratto di cui ciascun soggetto \u00e8 parte;<\/li>\r\n<li>L\u2019esecuzione di misure precontrattuali o post contrattuali adottate su richiesta del fornitore, del cliente, del partner, di altri soggetti o delle Societ\u00e0 ai sensi dell\u2019art. 6.1, lett. b) del GDPR;<\/li>\r\n<li>L\u2019adempimento di un obbligo legale ai sensi dell\u2019art. 6.1, lett. c) del GDPR)<\/li>\r\n<li>Tutti i relativi adempimenti fiscali e contabili, nonch\u00e9 gestori di portali al fine di promuovere i servizi erogati<\/li>\r\n<\/ul>\r\n<p>Per la finalit\u00e0 4 la base giuridica \u00e8 rappresentata dal consenso ai sensi dell\u2019art. 7.<\/p>\r\n<p>_<\/p>\r\n<ol start=\"4\">\r\n<li><strong>Come trattiamo i dati: <\/strong>I dati degli interessati verranno trattati nel rispetto dei principi di liceit\u00e0 correttezza e trasparenza, utilizzando strumenti manuali o automatizzati anche mediante l\u2019inserimento in banche dati, elenchi e liste idonei alla memorizzazione, gestione e trasmissione dei dati, nei modi e nei limiti necessari al perseguimento delle predette finalit\u00e0.<br \/>Il trattamento sar\u00e0 effettuato con le seguenti modalit\u00e0:<\/li>\r\n<\/ol>\r\n<ul>\r\n<li>Operazioni di registrazione, organizzazione, conservazione, elaborazione, modifica, utilizzo, diffusione e cancellazione dei dati;<\/li>\r\n<li>Comunicazioni e diffusioni dei dati.<\/li>\r\n<li>La diffusione dei dati \u00e8 limitata a quelli necessari per erogare il servizio volto all\u2019incontro della domanda e dell\u2019offerta di stage\/lavoro<\/li>\r\n<\/ul>\r\n<p>Le Societ\u00e0 hanno previsto adeguate misure di sicurezza al fine di tutelare i dati delle persone fisiche che operano in nome e per conto dei fornitori, dei clienti, dei partner e di altri soggetti, come: firewall, antivirus, password di elevata complessit\u00e0 con cambio periodico.<br \/>I dati personali oggetto di trattamento saranno custoditi in modo da ridurre al minimo, mediante l\u2019adozione di adeguate misure tecniche ed organizzative, nonch\u00e9 idonee e preventive misure di sicurezza, i rischi di distruzione o perdita, anche accidentale, dei dati stessi, di accesso non autorizzato o di trattamento non consentito o non conforme alle finalit\u00e0 della raccolta precedentemente illustrate.<\/p>\r\n<p>_<br \/><strong>5. Perch\u00e9 la natura del conferimento dei dati \u00e8 obbligatoria: <\/strong>Per le finalit\u00e0 1 e 2 il conferimento di tali dati \u00e8 obbligatorio per poter usufruire dei servizi offerti dalle Societ\u00e0 previsti al punto 2.<br \/>Le Societ\u00e0 potranno infine utilizzare i dati personali raccolti (previa specifica autorizzazione) ai fini statistici o per effettuare ricerche di mercato, in forma anonima, al fine di comprendere meglio le esigenze degli utenti e per poter ottimizzare il servizio offerto (finalit\u00e0 3). Si precisa che dette ricerche di mercato e detti studi verranno effettuati utilizzando dati anonimi.<\/p>\r\n<p>Per la finalit\u00e0 4 i dati sono trattati previo consenso; mentre per la finalit\u00e0 5 la base giuridica \u00e8 il legittimo interesse dei Titolari e per l\u2019adempimento alla normativa.<\/p>\r\n<p>Per quanto riguarda la richiesta del video di presentazione dell\u2019interessato, di cui alla finalit\u00e0 1, esso non \u00e8 da considerarsi vincolante, ma una opportunit\u00e0 offerta al candidato al lavoro\/stage, per poter meglio presentare la propria candidatura. Il video non \u00e8 diffuso, ma verr\u00e0 comunicato solo alle aziende interessate a valutare il profilo del candidato, nessun altro uso \u00e8 previsto. Il candidato deve seguire le linee guida che gli verranno fornite in fase di contatto post candidatura; i Titolari si riservano di non comunicare il video a loro insindacabile giudizio.<\/p>\r\n<p>_<\/p>\r\n<ol start=\"6\">\r\n<li><strong>Quali sono le categorie dei soggetti ai quali i dati possono essere comunicati: <\/strong>Per la finalit\u00e0 1 i dati potranno essere comunicati ad aziende, enti, istituti ed organizzazioni che usufruiscono dei servizi offerti dalle Societ\u00e0 sia sul territorio italiano che all\u2019estero per finalit\u00e0 di selezione e di promozione di stage e lavoro, nel caso di iscrizione ad attivit\u00e0 formative o selezione i dati potranno essere comunicati a partner, enti finanziatori.<br \/>Per tutte le finalit\u00e0 potranno, poi, essere comunicati ai lavoratori delle Societ\u00e0 e ad alcuni soggetti esterni che con essi collaborano, sempre nel rispetto delle finalit\u00e0 indicate di cui al punto 2. In particolare, si tratta di dipendenti\/collaboratori che, sulla base dei ruoli e delle mansioni lavorative espletate, sono stati legittimati a trattare i dati personali, formati a farlo nei limiti delle loro competenze ed in conformit\u00e0 alle istruzioni ad essi impartite dal Titolare.<\/li>\r\n<\/ol>\r\n<p>Ai dati potrebbero accedere (per finalit\u00e0 di assistenza sugli applicativi software, sulle rete informatiche e per la connettivit\u00e0) i tecnici, consulenti esterni o incaricati di societ\u00e0 esterne che forniscono tali servizi; soggetti che esercitano attivit\u00e0 di controllo sull\u2019operato delle Societ\u00e0 (a titolo di esempio: Revisori dei conti, Organismo di Vigilanza, personale degli enti di certificazione ecc.). Infine, potranno essere comunicati ai soggetti legittimati ad accedervi in forza di disposizioni di legge, regolamenti, normative comunitarie. L\u2019elenco aggiornato dei responsabili del trattamento, ove richiesto, \u00e8 disponibile presso le sedi delle Societ\u00e0 sopra indicate.<br \/>Le Societ\u00e0, tramite i siti\u00a0<a href=\"https:\/\/www.sportellostage.it\/\" target=\"_blank\" rel=\"noopener\">www.sportellostage.it<\/a>,\u00a0<a href=\"http:\/\/www.recru.it\/\" target=\"_blank\" rel=\"noopener\">www.recru.it<\/a>, <a href=\"http:\/\/www.jobfarm.it\/\">www.jobfarm.it<\/a> e go.jobfarm.it potranno rendere noti a terzi i dati personali raccolti solo per le finalit\u00e0 strettamente connesse ai servizi forniti.<br \/>I dati forniti potranno essere pertanto comunicati a:<\/p>\r\n<ul>\r\n<li>Professionisti, societ\u00e0 o studi professionali che, per conto delle Societ\u00e0, svolgano attivit\u00e0 di consulenza, assistenza, gestione contabile e fiscale<\/li>\r\n<li>Societ\u00e0 terze per l\u2019adempimento di obblighi contrattuali<\/li>\r\n<li>Istituti bancari per la gestione di pagamenti derivanti dall\u2019esecuzione del contratto.<\/li>\r\n<li>Altri portali di recruiting on line con i quali le Societ\u00e0 hanno collaborazioni attive al fine di promuovere la ricerca delle posizioni richieste<\/li>\r\n<li>Societ\u00e0 che svolgono attivit\u00e0 di trasmissione, imbustamento, trasporto, smistamento e consegna delle comunicazioni e della corrispondenza per conto terzi.<\/li>\r\n<\/ul>\r\n<p>Limitatamente al video di presentazione, eventualmente predisposto dall\u2019interessato, i dati saranno gestiti con l\u2019ausilio della piattaforma <a href=\"http:\/\/www.box.com\/\" target=\"_blank\" rel=\"noopener\">www.box.com<\/a>; eventuali variazioni nella piattaforma utilizzata saranno comunicati tramite la variazione della presente informativa.<\/p>\r\n<p>_<\/p>\r\n<ol start=\"7\">\r\n<li><strong>Trasferimento dei dati all\u2019estero: <\/strong>Anche se al momento tutti i soggetti che trattano i dati per conto delle Societ\u00e0 come responsabili esterni del trattamento sono stabiliti all\u2019interno dell\u2019Unione Europea ovvero dichiarano il rispetto del GDPR, nel futuro potrebbe essere necessario conferire tali dati anche a soggetti che possono essere stabiliti fuori dell\u2019Unione Europea, in paesi che non garantiscono ai dati personali un livello di protezione adeguato ai sensi Regolamento Europeo per la Protezione dei dati RE. EU 679\/2016. Le Societ\u00e0 trasferiranno, eventualmente, i dati fuori dell\u2019Unione Europea solo previa adozione delle precauzioni stabilite dal Regolamento Europeo e dopo aver ottenuto dai soggetti indicati le necessarie garanzie e con il consenso degli interessati.<\/li>\r\n<\/ol>\r\n<p>_<\/p>\r\n<ol start=\"8\">\r\n<li><strong>Per quanto tempo conserviamo i dati: <\/strong><\/li>\r\n<\/ol>\r\n<p>Le Societ\u00e0 conservano e trattano i dati personali per il tempo necessario ad adempiere alle finalit\u00e0 indicate. Successivamente, i dati personali saranno conservati, e non ulteriormente trattati, secondo quanto viene documentato nel Registro di trattamento. Il periodo di conservazione pu\u00f2 variare in modo significativo in base a: le finalit\u00e0, il tipo di dato trattato, gli obblighi di legge. Nel caso in cui i dati fossero trattati nell\u2019ambito di un progetto finanziato, i tempi di conservazione potrebbero essere subordinati a quanto previsto dal bando dell\u2019Ente finanziatore.<br \/>Quando non \u00e8 pi\u00f9 necessario conservare i dati personali questi verranno cancellati o deindicizzati o distrutti in modo sicuro in conformit\u00e0 alla nostra privacy policy.<\/p>\r\n<p>_<\/p>\r\n<ol start=\"9\">\r\n<li><strong>Quali sono i diritti esercitabili: <\/strong>Ai sensi degli articoli dal 15 al 22 del Regolamento, l\u2019Interessato ha diritto e pu\u00f2, quando applicabile, esercitare i seguenti diritti:<\/li>\r\n<\/ol>\r\n<table width=\"643\">\r\n<thead>\r\n<tr>\r\n<td width=\"643\"><strong>\u00ad\u00ad\u00adDIRITTI<\/strong><\/td>\r\n<\/tr>\r\n<\/thead>\r\n<tbody>\r\n<tr>\r\n<td width=\"643\">a) Chiedere la conferma dell\u2019esistenza o meno di propri dati personali che lo riguardano, anche se non ancora registrati, e la loro comunicazione in forma intelligibile<\/td>\r\n<\/tr>\r\n<tr>\r\n<td width=\"643\">b) Ottenere le indicazioni circa le finalit\u00e0 del trattamento, le categorie dei dati personali, i destinatari o le categorie di destinatari a cui i dati personali sono stati o saranno comunicati e, quando possibile, il periodo di conservazione;<\/td>\r\n<\/tr>\r\n<tr>\r\n<td width=\"643\">c) Ottenere la rettifica e la cancellazione dei dati;<\/td>\r\n<\/tr>\r\n<tr>\r\n<td width=\"643\">d) Ottenere la limitazione del trattamento;<\/td>\r\n<\/tr>\r\n<tr>\r\n<td width=\"643\">e) Ottenere la portabilit\u00e0 dei dati, ossia riceverli da un titolare del trattamento, in un formato strutturato, di uso comune e leggibile da dispositivo automatico, e trasmetterli ad un altro titolare del trattamento senza impedimenti;<\/td>\r\n<\/tr>\r\n<tr>\r\n<td width=\"643\">f) Opporsi al trattamento in qualsiasi momento ed anche nel caso di trattamento per finalit\u00e0 di marketing diretto;<\/td>\r\n<\/tr>\r\n<tr>\r\n<td width=\"643\">g) Opporsi ad un processo decisionale automatizzato relativo alle persone \ufb01siche, compresa la profilazione.<\/td>\r\n<\/tr>\r\n<tr>\r\n<td width=\"643\">h) Chiedere al titolare del trattamento l\u2019accesso ai dati personali e la rettifica o la cancellazione degli stessi o la limitazione del trattamento che lo riguardano o di opporsi al loro trattamento, oltre al diritto alla portabilit\u00e0 dei dati;<\/td>\r\n<\/tr>\r\n<tr>\r\n<td width=\"643\">i) Revocare il consenso in qualsiasi momento senza pregiudicare la liceit\u00e0 del trattamento basata sul consenso prestato prima della revoca.<\/td>\r\n<\/tr>\r\n<\/tbody>\r\n<\/table>\r\n<p>Gli stessi, ove da lei esercitabili potranno essere fatti valere scrivendo a\u00a0<a>info@sportellostage.it<\/a>, <a>info@recru.it<\/a>specificando l\u2019oggetto della richiesta, il diritto che l\u2019interessato intende esercitare e allegando fotocopia di un documento di identit\u00e0 che attesti la legittimit\u00e0 della richiesta.<\/p>\r\n<p>_<\/p>\r\n<ol start=\"10\">\r\n<li><strong>Accordo di contitolarit\u00e0: <\/strong>L\u2019interessato ha diritto di accedere ai contenuti essenziali dell\u2019accordo di contitolarit\u00e0 tra le parti, previa verifica della legittimit\u00e0 della richiesta.<\/li>\r\n<li><strong>Proposizione di reclamo: <\/strong>L\u2019interessato ha il diritto di proporre reclamo all\u2019autorit\u00e0 di controllo dello Stato di residenza. Per avere maggiori informazioni sul diritto di proporre reclamo si pu\u00f2 visitare la seguente pagina web:\u00a0<a href=\"https:\/\/www.garanteprivacy.it\/\" target=\"_blank\" rel=\"noopener\">www.garanteprivacy.it<\/a><\/li>\r\n<li><strong>Responsabile della protezione dei dati<\/strong>:Ritenendo di primaria importanza la tutela dei dati personali degli interessati, le Societ\u00e0 hanno nominato un responsabile della protezione dei dati (DPO) che potr\u00e0 essere contattato scrivendo all\u2019indirizzo mail\u00a0<a>dpo@actl.it<\/a>e\u00a0<a>dpo@recru.it<\/a>\u00a0per ogni tematica riguardante la protezione dei dati personali.<\/li>\r\n<\/ol>\r\n<p>Aggiornamento a marzo 2022<\/p>","protected":false},"excerpt":{"rendered":"<p>Informativa sulla Privacy per i Candidati &nbsp; Informativa ex art. 13 del Regolamento europeo n. 16\/679 Le Societ\u00e0 ACTL e Recruit Srl (di seguito le Societ\u00e0), in qualit\u00e0 di Contitolari del trattamento dei dati personali, con sede in Via Duccio&#8230;<\/p>\n","protected":false},"author":1,"featured_media":0,"parent":0,"menu_order":0,"comment_status":"closed","ping_status":"closed","template":"","meta":{"footnotes":""},"class_list":["post-15465","page","type-page","status-publish","hentry"],"aioseo_notices":[],"aioseo_head":"\n\t\t<!-- All in One SEO Pro 4.9.5.2 - aioseo.com -->\n\t<meta name=\"description\" content=\"Informativa sulla Privacy per i Candidati Informativa ex art. 13 del Regolamento europeo n. 16\/679 Le Societ\u00e0 ACTL e Recruit Srl (di seguito le Societ\u00e0), in qualit\u00e0 di Contitolari del trattamento dei dati personali, con sede in Via Duccio Di Boninsegna, 21 Milano, e Via Alvise Cadamosto 7, Milano, tramite i siti www.actl.it, www.sportellostage.it, www.recru.it e www.jobfarm.it, hanno come\" \/>\n\t<meta name=\"robots\" content=\"max-image-preview:large\" \/>\n\t<link rel=\"canonical\" href=\"https:\/\/www.jobfarm.it\/index.php\/privacy-policy-candidati\/\" \/>\n\t<meta name=\"generator\" content=\"All in One SEO Pro (AIOSEO) 4.9.5.2\" \/>\n\t\t<meta property=\"og:locale\" content=\"it_IT\" \/>\n\t\t<meta property=\"og:site_name\" content=\"Jobfarm | Lavoro Formazione Orientamento - Ricarca e Selezione - Orientamento - Formazione\" \/>\n\t\t<meta property=\"og:type\" content=\"article\" \/>\n\t\t<meta property=\"og:title\" content=\"Privacy Policy Candidati - Jobfarm | Lavoro Formazione Orientamento\" \/>\n\t\t<meta property=\"og:description\" content=\"Informativa sulla Privacy per i Candidati Informativa ex art. 13 del Regolamento europeo n. 16\/679 Le Societ\u00e0 ACTL e Recruit Srl (di seguito le Societ\u00e0), in qualit\u00e0 di Contitolari del trattamento dei dati personali, con sede in Via Duccio Di Boninsegna, 21 Milano, e Via Alvise Cadamosto 7, Milano, tramite i siti www.actl.it, www.sportellostage.it, www.recru.it e www.jobfarm.it, hanno come\" \/>\n\t\t<meta property=\"og:url\" content=\"https:\/\/www.jobfarm.it\/index.php\/privacy-policy-candidati\/\" \/>\n\t\t<meta property=\"article:published_time\" content=\"2024-08-10T21:39:26+00:00\" \/>\n\t\t<meta property=\"article:modified_time\" content=\"2024-09-22T21:09:42+00:00\" \/>\n\t\t<meta name=\"twitter:card\" content=\"summary_large_image\" \/>\n\t\t<meta name=\"twitter:title\" content=\"Privacy Policy Candidati - Jobfarm | Lavoro Formazione Orientamento\" \/>\n\t\t<meta name=\"twitter:description\" content=\"Informativa sulla Privacy per i Candidati Informativa ex art. 13 del Regolamento europeo n. 16\/679 Le Societ\u00e0 ACTL e Recruit Srl (di seguito le Societ\u00e0), in qualit\u00e0 di Contitolari del trattamento dei dati personali, con sede in Via Duccio Di Boninsegna, 21 Milano, e Via Alvise Cadamosto 7, Milano, tramite i siti www.actl.it, www.sportellostage.it, www.recru.it e www.jobfarm.it, hanno come\" \/>\n\t\t<script type=\"application\/ld+json\" class=\"aioseo-schema\">\n\t\t\t{\"@context\":\"https:\\\/\\\/schema.org\",\"@graph\":[{\"@type\":\"BreadcrumbList\",\"@id\":\"https:\\\/\\\/www.jobfarm.it\\\/index.php\\\/privacy-policy-candidati\\\/#breadcrumblist\",\"itemListElement\":[{\"@type\":\"ListItem\",\"@id\":\"https:\\\/\\\/www.jobfarm.it#listItem\",\"position\":1,\"name\":\"Home\",\"item\":\"https:\\\/\\\/www.jobfarm.it\",\"nextItem\":{\"@type\":\"ListItem\",\"@id\":\"https:\\\/\\\/www.jobfarm.it\\\/index.php\\\/privacy-policy-candidati\\\/#listItem\",\"name\":\"Privacy Policy Candidati\"}},{\"@type\":\"ListItem\",\"@id\":\"https:\\\/\\\/www.jobfarm.it\\\/index.php\\\/privacy-policy-candidati\\\/#listItem\",\"position\":2,\"name\":\"Privacy Policy Candidati\",\"previousItem\":{\"@type\":\"ListItem\",\"@id\":\"https:\\\/\\\/www.jobfarm.it#listItem\",\"name\":\"Home\"}}]},{\"@type\":\"Organization\",\"@id\":\"https:\\\/\\\/www.jobfarm.it\\\/#organization\",\"name\":\"Jobfarm | Lavoro Formazione Orientamento\",\"description\":\"Ricarca e Selezione - Orientamento - Formazione\",\"url\":\"https:\\\/\\\/www.jobfarm.it\\\/\"},{\"@type\":\"WebPage\",\"@id\":\"https:\\\/\\\/www.jobfarm.it\\\/index.php\\\/privacy-policy-candidati\\\/#webpage\",\"url\":\"https:\\\/\\\/www.jobfarm.it\\\/index.php\\\/privacy-policy-candidati\\\/\",\"name\":\"Privacy Policy Candidati - Jobfarm | Lavoro Formazione Orientamento\",\"description\":\"Informativa sulla Privacy per i Candidati Informativa ex art. 13 del Regolamento europeo n. 16\\\/679 Le Societ\\u00e0 ACTL e Recruit Srl (di seguito le Societ\\u00e0), in qualit\\u00e0 di Contitolari del trattamento dei dati personali, con sede in Via Duccio Di Boninsegna, 21 Milano, e Via Alvise Cadamosto 7, Milano, tramite i siti www.actl.it, www.sportellostage.it, www.recru.it e www.jobfarm.it, hanno come\",\"inLanguage\":\"it-IT\",\"isPartOf\":{\"@id\":\"https:\\\/\\\/www.jobfarm.it\\\/#website\"},\"breadcrumb\":{\"@id\":\"https:\\\/\\\/www.jobfarm.it\\\/index.php\\\/privacy-policy-candidati\\\/#breadcrumblist\"},\"datePublished\":\"2024-08-10T21:39:26+00:00\",\"dateModified\":\"2024-09-22T21:09:42+00:00\"},{\"@type\":\"WebSite\",\"@id\":\"https:\\\/\\\/www.jobfarm.it\\\/#website\",\"url\":\"https:\\\/\\\/www.jobfarm.it\\\/\",\"name\":\"Jobfarm | Lavoro Formazione Orientamento\",\"description\":\"Ricarca e Selezione - Orientamento - Formazione\",\"inLanguage\":\"it-IT\",\"publisher\":{\"@id\":\"https:\\\/\\\/www.jobfarm.it\\\/#organization\"}}]}\n\t\t<\/script>\n\t\t<!-- All in One SEO Pro -->\r\n\t\t<title>Privacy Policy Candidati - Jobfarm | Lavoro Formazione Orientamento<\/title>\n\n","aioseo_head_json":{"title":"Privacy Policy Candidati - Jobfarm | Lavoro Formazione Orientamento","description":"Informativa sulla Privacy per i Candidati Informativa ex art. 13 del Regolamento europeo n. 16\/679 Le Societ\u00e0 ACTL e Recruit Srl (di seguito le Societ\u00e0), in qualit\u00e0 di Contitolari del trattamento dei dati personali, con sede in Via Duccio Di Boninsegna, 21 Milano, e Via Alvise Cadamosto 7, Milano, tramite i siti www.actl.it, www.sportellostage.it, www.recru.it e www.jobfarm.it, hanno come","canonical_url":"https:\/\/www.jobfarm.it\/index.php\/privacy-policy-candidati\/","robots":"max-image-preview:large","keywords":"","webmasterTools":{"miscellaneous":""},"schema":{"@context":"https:\/\/schema.org","@graph":[{"@type":"BreadcrumbList","@id":"https:\/\/www.jobfarm.it\/index.php\/privacy-policy-candidati\/#breadcrumblist","itemListElement":[{"@type":"ListItem","@id":"https:\/\/www.jobfarm.it#listItem","position":1,"name":"Home","item":"https:\/\/www.jobfarm.it","nextItem":{"@type":"ListItem","@id":"https:\/\/www.jobfarm.it\/index.php\/privacy-policy-candidati\/#listItem","name":"Privacy Policy Candidati"}},{"@type":"ListItem","@id":"https:\/\/www.jobfarm.it\/index.php\/privacy-policy-candidati\/#listItem","position":2,"name":"Privacy Policy Candidati","previousItem":{"@type":"ListItem","@id":"https:\/\/www.jobfarm.it#listItem","name":"Home"}}]},{"@type":"Organization","@id":"https:\/\/www.jobfarm.it\/#organization","name":"Jobfarm | Lavoro Formazione Orientamento","description":"Ricarca e Selezione - Orientamento - Formazione","url":"https:\/\/www.jobfarm.it\/"},{"@type":"WebPage","@id":"https:\/\/www.jobfarm.it\/index.php\/privacy-policy-candidati\/#webpage","url":"https:\/\/www.jobfarm.it\/index.php\/privacy-policy-candidati\/","name":"Privacy Policy Candidati - Jobfarm | Lavoro Formazione Orientamento","description":"Informativa sulla Privacy per i Candidati Informativa ex art. 13 del Regolamento europeo n. 16\/679 Le Societ\u00e0 ACTL e Recruit Srl (di seguito le Societ\u00e0), in qualit\u00e0 di Contitolari del trattamento dei dati personali, con sede in Via Duccio Di Boninsegna, 21 Milano, e Via Alvise Cadamosto 7, Milano, tramite i siti www.actl.it, www.sportellostage.it, www.recru.it e www.jobfarm.it, hanno come","inLanguage":"it-IT","isPartOf":{"@id":"https:\/\/www.jobfarm.it\/#website"},"breadcrumb":{"@id":"https:\/\/www.jobfarm.it\/index.php\/privacy-policy-candidati\/#breadcrumblist"},"datePublished":"2024-08-10T21:39:26+00:00","dateModified":"2024-09-22T21:09:42+00:00"},{"@type":"WebSite","@id":"https:\/\/www.jobfarm.it\/#website","url":"https:\/\/www.jobfarm.it\/","name":"Jobfarm | Lavoro Formazione Orientamento","description":"Ricarca e Selezione - Orientamento - Formazione","inLanguage":"it-IT","publisher":{"@id":"https:\/\/www.jobfarm.it\/#organization"}}]},"og:locale":"it_IT","og:site_name":"Jobfarm | Lavoro Formazione Orientamento - Ricarca e Selezione - Orientamento - Formazione","og:type":"article","og:title":"Privacy Policy Candidati - Jobfarm | Lavoro Formazione Orientamento","og:description":"Informativa sulla Privacy per i Candidati Informativa ex art. 13 del Regolamento europeo n. 16\/679 Le Societ\u00e0 ACTL e Recruit Srl (di seguito le Societ\u00e0), in qualit\u00e0 di Contitolari del trattamento dei dati personali, con sede in Via Duccio Di Boninsegna, 21 Milano, e Via Alvise Cadamosto 7, Milano, tramite i siti www.actl.it, www.sportellostage.it, www.recru.it e www.jobfarm.it, hanno come","og:url":"https:\/\/www.jobfarm.it\/index.php\/privacy-policy-candidati\/","article:published_time":"2024-08-10T21:39:26+00:00","article:modified_time":"2024-09-22T21:09:42+00:00","twitter:card":"summary_large_image","twitter:title":"Privacy Policy Candidati - Jobfarm | Lavoro Formazione Orientamento","twitter:description":"Informativa sulla Privacy per i Candidati Informativa ex art. 13 del Regolamento europeo n. 16\/679 Le Societ\u00e0 ACTL e Recruit Srl (di seguito le Societ\u00e0), in qualit\u00e0 di Contitolari del trattamento dei dati personali, con sede in Via Duccio Di Boninsegna, 21 Milano, e Via Alvise Cadamosto 7, Milano, tramite i siti www.actl.it, www.sportellostage.it, www.recru.it e www.jobfarm.it, hanno come"},"aioseo_meta_data":{"post_id":"15465","title":null,"description":null,"keywords":null,"keyphrases":null,"primary_term":null,"canonical_url":null,"og_title":null,"og_description":null,"og_object_type":"default","og_image_type":"default","og_image_url":null,"og_image_width":null,"og_image_height":null,"og_image_custom_url":null,"og_image_custom_fields":null,"og_video":null,"og_custom_url":null,"og_article_section":null,"og_article_tags":null,"twitter_use_og":false,"twitter_card":"default","twitter_image_type":"default","twitter_image_url":null,"twitter_image_custom_url":null,"twitter_image_custom_fields":null,"twitter_title":null,"twitter_description":null,"schema":{"blockGraphs":[],"customGraphs":[],"default":{"data":{"Article":[],"Course":[],"Dataset":[],"FAQPage":[],"Movie":[],"Person":[],"Product":[],"ProductReview":[],"Car":[],"Recipe":[],"Service":[],"SoftwareApplication":[],"WebPage":[]},"graphName":"","isEnabled":true},"graphs":[]},"schema_type":"default","schema_type_options":null,"pillar_content":false,"robots_default":true,"robots_noindex":false,"robots_noarchive":false,"robots_nosnippet":false,"robots_nofollow":false,"robots_noimageindex":false,"robots_noodp":false,"robots_notranslate":false,"robots_max_snippet":null,"robots_max_videopreview":null,"robots_max_imagepreview":"large","priority":null,"frequency":null,"local_seo":null,"seo_analyzer_scan_date":"2025-12-01 13:57:11","breadcrumb_settings":null,"limit_modified_date":false,"reviewed_by":null,"open_ai":null,"ai":null,"created":"2025-05-04 13:35:37","updated":"2025-12-01 13:57:11"},"aioseo_breadcrumb":"<div class=\"aioseo-breadcrumbs\"><span class=\"aioseo-breadcrumb\">\n\t<a href=\"https:\/\/www.jobfarm.it\" title=\"Home\">Home<\/a>\n<\/span><span class=\"aioseo-breadcrumb-separator\">\u00bb<\/span><span class=\"aioseo-breadcrumb\">\n\tPrivacy Policy Candidati\n<\/span><\/div>","aioseo_breadcrumb_json":[{"label":"Home","link":"https:\/\/www.jobfarm.it"},{"label":"Privacy Policy Candidati","link":"https:\/\/www.jobfarm.it\/index.php\/privacy-policy-candidati\/"}],"_links":{"self":[{"href":"https:\/\/www.jobfarm.it\/index.php\/wp-json\/wp\/v2\/pages\/15465","targetHints":{"allow":["GET"]}}],"collection":[{"href":"https:\/\/www.jobfarm.it\/index.php\/wp-json\/wp\/v2\/pages"}],"about":[{"href":"https:\/\/www.jobfarm.it\/index.php\/wp-json\/wp\/v2\/types\/page"}],"author":[{"embeddable":true,"href":"https:\/\/www.jobfarm.it\/index.php\/wp-json\/wp\/v2\/users\/1"}],"replies":[{"embeddable":true,"href":"https:\/\/www.jobfarm.it\/index.php\/wp-json\/wp\/v2\/comments?post=15465"}],"version-history":[{"count":2,"href":"https:\/\/www.jobfarm.it\/index.php\/wp-json\/wp\/v2\/pages\/15465\/revisions"}],"predecessor-version":[{"id":15476,"href":"https:\/\/www.jobfarm.it\/index.php\/wp-json\/wp\/v2\/pages\/15465\/revisions\/15476"}],"wp:attachment":[{"href":"https:\/\/www.jobfarm.it\/index.php\/wp-json\/wp\/v2\/media?parent=15465"}],"curies":[{"name":"wp","href":"https:\/\/api.w.org\/{rel}","templated":true}]}}